{"id":40,"date":"2019-12-17T22:24:36","date_gmt":"2019-12-17T21:24:36","guid":{"rendered":"http:\/\/127.0.0.1\/?page_id=40"},"modified":"2025-03-23T13:35:06","modified_gmt":"2025-03-23T12:35:06","slug":"expositions","status":"publish","type":"page","link":"https:\/\/colette-brunschwig.com\/?page_id=40","title":{"rendered":"Expositions"},"content":{"rendered":"\n<p><strong>EXPOSITIONS PERSONNELLES<\/strong> <\/p>\n\n\n\n<figure class=\"wp-block-table\"><table><tbody><tr><td><strong>1949<\/strong><\/td><td class=\"has-text-align-left\" data-align=\"left\">Galerie Marcelle Berr de Turique,Paris<\/td><\/tr><tr><td><strong>1952<\/strong><\/td><td class=\"has-text-align-left\" data-align=\"left\">Galerie Colette Allendy,Paris<\/td><\/tr><tr><td><strong>1955<\/strong><\/td><td class=\"has-text-align-left\" data-align=\"left\">Galerie Colette Allendy, Paris<\/td><\/tr><tr><td><strong>1958<\/strong><\/td><td class=\"has-text-align-left\" data-align=\"left\">Galerie Colette Allendy, Paris<\/td><\/tr><tr><td><strong>1960<\/strong><\/td><td class=\"has-text-align-left\" data-align=\"left\">Galerie M. Berr de Turique, Paris<\/td><\/tr><tr><td>&nbsp;<\/td><td class=\"has-text-align-left\" data-align=\"left\">King Street Gallery,Cambridge (GB)<\/td><\/tr><tr><td>&nbsp;<\/td><td class=\"has-text-align-left\" data-align=\"left\">Drian Gallery,Londres (GB)<\/td><\/tr><tr><td><strong>1962<\/strong><\/td><td class=\"has-text-align-left\" data-align=\"left\">Mus\u00e9e National Betzalel, J\u00e9rusalem<\/td><\/tr><tr><td><strong>1966<\/strong><\/td><td class=\"has-text-align-left\" data-align=\"left\">Galerie Messine, Paris<\/td><\/tr><tr><td><strong>1968<\/strong><\/td><td class=\"has-text-align-left\" data-align=\"left\">Galerie Messine, Paris<\/td><\/tr><tr><td><strong>1971<\/strong><\/td><td class=\"has-text-align-left\" data-align=\"left\">Galerie La Roue, Paris<\/td><\/tr><tr><td><strong>1973<\/strong><\/td><td class=\"has-text-align-left\" data-align=\"left\">Galerie Nane Stern, Paris<\/td><\/tr><tr><td><strong>1974<\/strong><\/td><td class=\"has-text-align-left\" data-align=\"left\">Galerie La Roue, Paris<\/td><\/tr><tr><td>&nbsp;<\/td><td class=\"has-text-align-left\" data-align=\"left\">Galerie Les Ursulines, M\u00e2con<\/td><\/tr><tr><td><strong>1976<\/strong><\/td><td class=\"has-text-align-left\" data-align=\"left\">Galerie Nane Stern, Paris<\/td><\/tr><tr><td><strong>1977<\/strong><\/td><td class=\"has-text-align-left\" data-align=\"left\">Galerie Nane Stern, Paris<\/td><\/tr><tr><td><strong>1979<\/strong><\/td><td class=\"has-text-align-left\" data-align=\"left\">Galerie Jacquester,Paris (lavis)<\/td><\/tr><tr><td>&nbsp;<\/td><td class=\"has-text-align-left\" data-align=\"left\">Galerie Nane Stern, Paris<\/td><\/tr><tr><td><strong>1981<\/strong><\/td><td class=\"has-text-align-left\" data-align=\"left\">Galerie Jacquester, Paris (lavis)<\/td><\/tr><tr><td><strong>1982<\/strong><\/td><td class=\"has-text-align-left\" data-align=\"left\">Galerie Nane Stern, Paris<\/td><\/tr><tr><td><strong>1983<\/strong><\/td><td class=\"has-text-align-left\" data-align=\"left\">Galerie Jacquester, Paris<\/td><\/tr><tr><td>&nbsp;<\/td><td class=\"has-text-align-left\" data-align=\"left\">Galerie Le Roi des Aulnes,Paris<\/td><\/tr><tr><td><strong>1985<\/strong><\/td><td class=\"has-text-align-left\" data-align=\"left\">Galerie Bellint,Paris<\/td><\/tr><tr><td>&nbsp;<\/td><td class=\"has-text-align-left\" data-align=\"left\">Galerie Clivages,Paris (lavis)<\/td><\/tr><tr><td><strong>1987<\/strong><\/td><td class=\"has-text-align-left\" data-align=\"left\">Galerie Clivages,Paris<\/td><\/tr><tr><td><strong>1988<\/strong><\/td><td class=\"has-text-align-left\" data-align=\"left\">Galerie de Cluny (expositions du 9\u00b0 centenaire de Cluny 3)<\/td><\/tr><tr><td><strong>1989<\/strong><\/td><td class=\"has-text-align-left\" data-align=\"left\">Centre Culturel de Jouy-sur-Eure<\/td><\/tr><tr><td>&nbsp;<\/td><td class=\"has-text-align-left\" data-align=\"left\">Maison de la Culture d\u2019Angoul\u00e8me <\/td><\/tr><tr><td>&nbsp;<\/td><td class=\"has-text-align-left\" data-align=\"left\">Galerie Clivages,Paris<\/td><\/tr><tr><td>&nbsp;<\/td><td class=\"has-text-align-left\" data-align=\"left\">F.I.A.C.\/Galerie Clivages, Paris <\/td><\/tr><tr><td><strong>1991<\/strong><\/td><td class=\"has-text-align-left\" data-align=\"left\">Galerie Clivages,Paris <\/td><\/tr><tr><td>&nbsp;<\/td><td class=\"has-text-align-left\" data-align=\"left\">Galerie La Cit\u00e9, Luxembourg<\/td><\/tr><tr><td><strong>1992<\/strong><\/td><td class=\"has-text-align-left\" data-align=\"left\">Galerie Clivages, Paris<\/td><\/tr><tr><td><strong>1994<\/strong><\/td><td class=\"has-text-align-left\" data-align=\"left\">Galerie Clivages, Paris<\/td><\/tr><tr><td>&nbsp;<\/td><td class=\"has-text-align-left\" data-align=\"left\">Mus\u00e9e-Biblioth\u00e8que Rimbaud,\n    Charleville-M\u00e9zi\u00e8res <\/td><\/tr><tr><td><strong>1995<\/strong><\/td><td class=\"has-text-align-left\" data-align=\"left\">Galerie Bernard Bouche,Paris<\/td><\/tr><tr><td><strong>1996<\/strong><\/td><td class=\"has-text-align-left\" data-align=\"left\">Galerie Clivages, Paris <\/td><\/tr><tr><td><strong>1998<\/strong><\/td><td class=\"has-text-align-left\" data-align=\"left\">Galerie Bernard Bouche,Paris<\/td><\/tr><tr><td>&nbsp;<\/td><td class=\"has-text-align-left\" data-align=\"left\"><a href=\"http:\/\/www.colette-brunschwig.com\/fichiers\/invit Carmel de Tarbes (1998).pdf\"> <\/a>Ancien Carmel de Tarbes<\/td><\/tr><tr><td><strong>1999<\/strong><\/td><td class=\"has-text-align-left\" data-align=\"left\">Galerie Lambert Rouland,  Paris<\/td><\/tr><tr><td><strong>2001<\/strong><\/td><td class=\"has-text-align-left\" data-align=\"left\">Galerie Lambert Rouland, Paris<\/td><\/tr><tr><td>&nbsp;<\/td><td class=\"has-text-align-left\" data-align=\"left\">Galerie Vieille du Temple, Paris<\/td><\/tr><tr><td>&nbsp;<\/td><td class=\"has-text-align-left\" data-align=\"left\">Librairie La Hune, Paris<\/td><\/tr><tr><td>&nbsp;<\/td><td class=\"has-text-align-left\" data-align=\"left\">Art Paris\/Galerie Vieille du Temple, Paris<\/td><\/tr><tr><td><strong>2002<\/strong><\/td><td class=\"has-text-align-left\" data-align=\"left\">La Soufflerie \/ Action Culturelle de l&rsquo;Universit\u00e9 de Poitiers<\/td><\/tr><tr><td><strong>2003<\/strong><\/td><td class=\"has-text-align-left\" data-align=\"left\">Universit\u00e9 de Nim\u00e8gue  (Pays-Bas) exposition autour de Paul Celan et \u0153uvres r\u00e9centes<\/td><\/tr><tr><td>&nbsp;<\/td><td class=\"has-text-align-left\" data-align=\"left\">exposition Galerie Vieille du Temple,Paris<\/td><\/tr><tr><td><strong>2007<\/strong><\/td><td class=\"has-text-align-left\" data-align=\"left\">Jordan Schnitzer Museum  of&nbsp; Art,Universit\u00e9 d&rsquo;Oregon, Eugene (USA)<\/td><\/tr><tr><td>&nbsp;<\/td><td class=\"has-text-align-left\" data-align=\"left\">White Lotus Gallery, Eugene-Oregon (USA)<\/td><\/tr><tr><td><strong>2008<\/strong><\/td><td class=\"has-text-align-left\" data-align=\"left\">Invitation exposition \u00ab\u00a0Oeuvres sur papier 1968-2008\u00a0\u00bb galerie Olivier Nouvellet,Paris,2008<\/td><\/tr><tr><td><strong>2009<\/strong><\/td><td class=\"has-text-align-left\" data-align=\"left\">Fondation Saint-John Perse, Aix-en-Provence<\/td><\/tr><tr><td><strong>2010<\/strong><\/td><td class=\"has-text-align-left\" data-align=\"left\">Galerie Wolff, Paris<\/td><\/tr><tr><td><strong>2011<\/strong><\/td><td class=\"has-text-align-left\" data-align=\"left\">Galerie Olivier Nouvellet, Paris<\/td><\/tr><tr><td><strong>2014<\/strong><\/td><td class=\"has-text-align-left\" data-align=\"left\">Galerie Convergences, Paris<\/td><\/tr><tr><td>&nbsp;<\/td><td class=\"has-text-align-left\" data-align=\"left\">Galerie Prot\u00e9e, Paris<\/td><\/tr><tr><td>&nbsp;<\/td><td class=\"has-text-align-left\" data-align=\"left\">Atelier-Galerie Christine Virmaux, Paris<\/td><\/tr><tr><td><strong>2015<\/strong><\/td><td class=\"has-text-align-left\" data-align=\"left\">Ch\u00e2teau de Ratilly, Treigny (Yonne)<\/td><\/tr><tr><td>&nbsp;<\/td><td class=\"has-text-align-left\" data-align=\"left\">Galerie Convergences, Paris<\/td><\/tr><tr><td><strong>2016<\/strong><\/td><td class=\"has-text-align-left\" data-align=\"left\">Galerie Wolff, Paris<\/td><\/tr><tr><td><strong>2017<\/strong><\/td><td class=\"has-text-align-left\" data-align=\"left\">Groupe d&rsquo;Art Contemporain, Annonay<\/td><\/tr><tr><td>&nbsp;<\/td><td class=\"has-text-align-left\" data-align=\"left\">Miart \/ Galerie Wolff, Milan<\/td><\/tr><tr><td><\/td><td class=\"has-text-align-left\" data-align=\"left\">OSMOS Gallery, New York<\/td><\/tr><tr><td><strong>2022<\/strong><\/td><td class=\"has-text-align-left\" data-align=\"left\">Colette Brunschwig &amp; Claude Monet in conversation, Galerie Wolff, Paris <\/td><\/tr><tr><td><\/td><td class=\"has-text-align-left\" data-align=\"left\"> Frieze Masters 2022, Galerie Wolff, Londres <\/td><\/tr><tr><td><\/td><td class=\"has-text-align-left\" data-align=\"left\">Galerie Convergences, Paris<\/td><\/tr><\/tbody><\/table><\/figure>\n\n\n\n<p><strong>EXPOSITIONS COLLECTIVES<\/strong> <\/p>\n\n\n\n<figure class=\"wp-block-table\"><table><tbody><tr><td><strong>1958<\/strong><\/td><td>Galerie Marcelle Berr de Turique, Paris<\/td><\/tr><tr><td><strong>1960<\/strong><\/td><td>Womens international art exhibition, Londres<\/td><\/tr><tr><td><strong>1962<\/strong><\/td><td>Salon des Surind\u00e9pendants, Paris<\/td><\/tr><tr><td><strong>1963<\/strong><\/td><td>Prix Victor Choquet, Paris<\/td><\/tr><tr><td>&nbsp;<\/td><td>Salons des R\u00e9alit\u00e9s  Nouvelles, Paris<\/td><\/tr><tr><td><strong>1964<\/strong><\/td><td>Salons de Mai, Paris<\/td><\/tr><tr><td><strong>1965<\/strong><\/td><td>Salons de Mai, Paris<\/td><\/tr><tr><td><strong>1966<\/strong><\/td><td>Galerie Messine, Paris<\/td><\/tr><tr><td>&nbsp;<\/td><td>Salons de Mai, Paris<\/td><\/tr><tr><td><strong>1967<\/strong><\/td><td>Salons de Mai, Paris<\/td><\/tr><tr><td><strong>1972<\/strong><\/td><td>Galerie La Roue, Paris<\/td><\/tr><tr><td><strong>1974<\/strong><\/td><td>Galerie Nane Stern, Paris<\/td><\/tr><tr><td><strong>1976<\/strong><\/td><td>Galerie N.R.A., Paris <\/td><\/tr><tr><td>&nbsp;<\/td><td>Salons des R\u00e9alit\u00e9s  Nouvelles, Paris<\/td><\/tr><tr><td><strong>1977<\/strong><\/td><td>Salons des R\u00e9alit\u00e9s Nouvelles, Paris<\/td><\/tr><tr><td><strong>1978<\/strong><\/td><td>Galerie Principe, Paris<\/td><\/tr><tr><td><strong>1981<\/strong><\/td><td>F.I.A.C.\/Galerie Nane Stern, Paris<\/td><\/tr><tr><td><strong>1982<\/strong><\/td><td>Foire de Stockholm\/Galerie Nane Stern<\/td><\/tr><tr><td><strong>1984<\/strong><\/td><td>F.I.A.C.\/Galerie Clivages, Paris<\/td><\/tr><tr><td><strong>1985<\/strong><\/td><td>F.I.A.C.\/Galerie Clivages, Paris<\/td><\/tr><tr><td><strong>1986<\/strong><\/td><td>F.I.A.C.\/Galerie Clivages, Paris<\/td><\/tr><tr><td><strong>1987<\/strong><\/td><td>Galerie Clivages, Paris<\/td><\/tr><tr><td>&nbsp;<\/td><td>Galerie Clivages, Paris<\/td><\/tr><tr><td><strong>1988<\/strong><\/td><td>S.A.G.A.\/Galerie Clivages, Paris<\/td><\/tr><tr><td>&nbsp;<\/td><td>La Po\u00e9sie dans un Jardin, Avignon<\/td><\/tr><tr><td><strong>1989<\/strong><\/td><td>Arthoth\u00e8que Saint Simon d\u2019Angoul\u00e8me (exposition autour de \u00a0\u00bb La Rose de Personne\u00a0\u00bb de Paul Celan)<\/td><\/tr><tr><td>&nbsp;<\/td><td>Galerie Fontainas, Bruxelles<\/td><\/tr><tr><td><strong>1990<\/strong><\/td><td>Mus\u00e9e de Morlaix- Hommage \u00e0 Jean Grenier <\/td><\/tr><tr><td>&nbsp;<\/td><td>Espace Alpha d\u2019Argenteuil- Hommage \u00e0 Claude Monnet \u00ab\u00a050 peintres contemporains\u00a0\u00bb<\/td><\/tr><tr><td>&nbsp;<\/td><td>S.A.G.A.\/Galerie Clivages, Paris (avec Tal-Coat)<\/td><\/tr><tr><td>&nbsp;<\/td><td>Espace \u00ab\u00a0Le temps de voir\u00a0\u00bb &#8211; Hommage \u00e0 Guy Resse, Maillot pr\u00e8s Sens<\/td><\/tr><tr><td>&nbsp;<\/td><td>Salon de Mars\/Galeries Clivages et Michel Cachoux, Paris<\/td><\/tr><tr><td>&nbsp;<\/td><td>Galerie Cadaqu\u00e8s, Cadaqu\u00e8s (Espagne)<\/td><\/tr><tr><td><strong>1991<\/strong><\/td><td>E.N.S.B.A. Paris-Collection contemporaine de la B.N.P.<\/td><\/tr><tr><td>&nbsp;<\/td><td>Galerie Solange Paul-Cavalier, Paris <\/td><\/tr><tr><td>&nbsp;<\/td><td>Galerie J-M. Meurice, Toulouse<\/td><\/tr><tr><td><strong>1992<\/strong><\/td><td>Galeries Comtemporaines du Centre Georges  \nPompidou-Exposition \u00a0\u00bb&nbsp;Regard Multiple\u00a0\u00bb acquisitions de la Soci\u00e9t\u00e9 des \nAmis du Mus\u00e9e National d\u2019Art Moderne<\/td><\/tr><tr><td>&nbsp;<\/td><td>Galerie Clivages, Paris<\/td><\/tr><tr><td><strong>1993<\/strong><\/td><td>Galerie Clivages-Autour d\u2019une peinture de Pierre Tal-Coat \u00a0\u00bb La Marque \u00a0\u00bb -, Paris<\/td><\/tr><tr><td>&nbsp;<\/td><td>C.R.E.D.A.C. d\u2019Ivry \u00ab\u00a0Carte Blanche \u00e0 Daniel Dobbels\u00a0\u00bb \/ Galerie Clivages, Paris<\/td><\/tr><tr><td><strong>1995<\/strong><\/td><td>Th\u00e9\u00e2tre de     St-Quentin-en-Yvelines (Exposition Michel Dieuzaide: \u00able Temps, l\u2019\u0153uvre et l\u2019Instant \u00bb)&nbsp;<\/td><\/tr><tr><td>&nbsp;<\/td><td>F.I.A.C.\/Galerie Clivages, Paris<\/td><\/tr><tr><td>&nbsp;<\/td><td>Galerie Clivages, Paris (Exposition autour de \u00ab&nbsp; La Rose de Personne&nbsp;\u00bb \u00e0 l\u2019occasion du &nbsp;Colloque Paul Celan organis\u00e9 par l\u2019Ecole Normale Sup\u00e9rieure)<\/td><\/tr><tr><td>&nbsp;<\/td><td>Galerie des Cahiers de l\u2019Atelier \u00ab&nbsp;Dessins d\u2019Artistes&nbsp;\u00bb, Toulouse<\/td><\/tr><tr><td><strong>1996<\/strong><\/td><td>Galerie Art et Essai de l\u2019Universit\u00e9 Rennes 2 \u00ab\u00a0Papiers \u00e0 DESSEINS\u00a0\u00bb \/ Galerie Clivages, Paris<\/td><\/tr><tr><td>&nbsp;<\/td><td> Galerie Bernard Bouche, Paris<\/td><\/tr><tr><td>&nbsp;<\/td><td>Galerie Clivages, Paris<\/td><\/tr><tr><td>&nbsp;<\/td><td>Salon de Mars\/Galerie Bernard Bouche, Paris<\/td><\/tr><tr><td>&nbsp;<\/td><td> Mus\u00e9e Biblioth\u00e8que Pierre-Andr\u00e9 Benoit d\u2019Al\u00e8s- Hommage \u00e0 Imre Pan <\/td><\/tr><tr><td>&nbsp;<\/td><td>Galerie Path \u00a0\u00bb Rood \u00ab\u00a0,  Aalst (Belgique)&nbsp; <\/td><\/tr><tr><td><strong>1997<\/strong><\/td><td>Galerie Bernard Bouche (avec Simon Hanta\u00ef et Charles Maussion), Paris<\/td><\/tr><tr><td><strong>1999<\/strong><\/td><td>Galerie Louis Carr\u00e9,  Paris-Hommage \u00e0 Dora Valier<\/td><\/tr><tr><td>&nbsp;<\/td><td>Galerie Lambert Rouland,  Paris<\/td><\/tr><tr><td>&nbsp;<\/td><td>Exposition \u00ab\u00a0Peintres en partage \u00e0 l&rsquo;Espace des Blancs-Manteaux,Paris<\/td><\/tr><tr><td><strong>2000<\/strong><\/td><td>Universit\u00e9 de Namur, Belgique  (Editions Clivages)<\/td><\/tr><tr><td><strong>2001<\/strong><\/td><td>Galerie Vieille du Temple,  Paris<\/td><\/tr><tr><td><strong>2002<\/strong><\/td><td>Art Paris\/Galerie Vieille du Temple<\/td><\/tr><tr><td><strong>2003<\/strong><\/td><td>Galerie Vieille du Temple, Paris<\/td><\/tr><tr><td>&nbsp;<\/td><td>Flatfiles Galleries, Chicago, U.S.A. (sous l\u2019\u00e9gide du Consulat de France)<\/td><\/tr><tr><td><strong>2004<\/strong><\/td><td>M\u00e9diath\u00e8que d\u2019  Issy-Les-Moulineaux ( Exposition Livres d\u2019Artistes)&nbsp;<\/td><\/tr><tr><td>&nbsp;<\/td><td>Galerie  Ar\u00e9a,Caen<\/td><\/tr><tr><td><strong>2005<\/strong><\/td><td>Association A Vol d\u2019Oiseau du Cercle, Paris<\/td><\/tr><tr><td><strong>2006<\/strong><\/td><td>Galerie Ar\u00e9a,Caen<\/td><\/tr><tr><td><strong>2008<\/strong><\/td><td>Association A Vol d\u2019Oiseau du Cercle, exposition : \u00ab\u00a0Une Chaise, Une \u0152uvre\u00a0\u00bb, Paris<\/td><\/tr><tr><td>&nbsp;<\/td><td>Foire Europ\u00e9enne d&rsquo;Art Contemporain de Lille-Lille Art Fair \/Galerie Philippe Samuel, Paris<\/td><\/tr><tr><td>&nbsp;<\/td><td>Galerie Olivier Nouvellet, Paris (10\/06\/08-31\/07\/08)<\/td><\/tr><tr><td><strong>2009<\/strong><\/td><td>Galerie Olivier Nouvellet, Paris<\/td><\/tr><tr><td><strong>2012<\/strong><\/td><td>Salon Drawing in Paris \/ Galerie Fran\u00e7oise Besson,Lyon<\/td><\/tr><tr><td>&nbsp;<\/td><td>Exposition PIKA DON \/ Galerie Wolff, Paris <\/td><\/tr><tr><td><strong>2013<\/strong><\/td><td>Salon PAD-Paris Art &amp; Design \/Galerie Prot\u00e9e, Paris<\/td><\/tr><tr><td>&nbsp;<\/td><td>Salon Art Elys\u00e9es 2013 \/ Galerie Prot\u00e9e, Paris<\/td><\/tr><tr><td><strong>2015<\/strong><\/td><td>Galerie Olivier Nouvellet, Paris<\/td><\/tr><tr><td><strong>2016<\/strong><\/td><td>Art Basel \/ Galerie Wolff<\/td><\/tr><tr><td><strong>2017<\/strong><\/td><td>Art Basel Hong Kong \/ Galerie Wolff, Paris<\/td><\/tr><tr><td><strong>2018<\/strong><\/td><td>Art Basel Miami \/ Galerie Wolff, Paris<\/td><\/tr><tr><td><\/td><td>Exposition \u00ab\u00a0Face contre terre\u00a0\u00bb, Galerie Wolff, Paris<\/td><\/tr><tr><td><\/td><td>ARTISSIMA, Galerie Wolff, Paris<\/td><\/tr><tr><td><\/td><td>Hommage aux donateurs, mus\u00e9e d\u2019Art et d\u2019Histoire du juda\u00efsme, Paris. Conf\u00e9rences de Marcel Cohen et Robert L\u00e9vy<\/td><\/tr><tr><td><\/td><td>Collages en hommage, Guy Resse et la galerie La Roue, Galerie Convergences<\/td><\/tr><tr><td><strong>2019<\/strong><\/td><td>Exposition Femmes ann\u00e9es 50, au fil de l&rsquo;abstraction, Mus\u00e9e Soulages, Rodez<\/td><\/tr><tr><td><\/td><td>ART BASEL \/ Galerie Wolff, Basel<\/td><\/tr><tr><td><\/td><td>FIAC, Galerie Wolff, Paris<\/td><\/tr><tr><td><strong>2020<\/strong><\/td><td>Colette Brunschwig, Liliane Klapisch, Raymonde Godin AUJOURD&rsquo;HUI, Galerie Convergences, Paris<\/td><\/tr><tr><td><strong>2021<\/strong><\/td><td>Exposition &lsquo;Un artiste, Une \u0153uvre&rsquo; \/ Galerie  Convergence, Paris <\/td><\/tr><tr><td><\/td><td>Online exhibition &lsquo;Material Vibrations The Chinese QI in Colette Brunschwig\u2019s paintings&rsquo; \/ Galerie Wolff<\/td><\/tr><tr><td><\/td><td>Exposition &lsquo;Cabinet d\u2019amateurs&rsquo;, Galerie Convergence, Paris<\/td><\/tr><tr><td><\/td><td>FIAC, Galerie Wolff<\/td><\/tr><tr><td><\/td><td>Online exhibition &lsquo;UN\/REAL&rsquo; \/ Galerie Wolff<\/td><\/tr><tr><td><\/td><td>West Bund Art &amp; Design, Galerie Wolff, Shanghai<\/td><\/tr><tr><td><strong>2022<\/strong><\/td><td> Exposition M\u00c9T\u00c9OROLOGIQUES &#8211; MuMa Le Havre, Galerie Wolff  <\/td><\/tr><tr><td><strong>2023<\/strong><\/td><td>Art Basel Hong Kong &#8211; Galerie Jocelyn Wolff, Hong Kong<\/td><\/tr><tr><td><\/td><td>Grisaille Vertigo &#8211; Galerie Jocelyn Wolff, Paris<\/td><\/tr><tr><td><\/td><td>Au hasard Balthazar Fraeme La friche belle de mai, Marseille<\/td><\/tr><tr><td><\/td><td>Po\u00e9tique de l\u2019espace &#8211; Mus\u00e9e des Beaux-Arts de Caen, Caen<\/td><\/tr><tr><td><strong>2024<\/strong><\/td><td>Imre P\u00e1n a European artistic and publishing history in Paris in the 1960s &#8211; Galerie Jocelyn Wolff, Paris<\/td><\/tr><tr><td><\/td><td>Art Basel Paris &#8211; Galerie Jocelyn Wolff, Paris<\/td><\/tr><tr><td><\/td><td>&nbsp;Westbund Art &amp; Design 2024 &#8211; Galerie Jocelyn Wolff, Shanghai<\/td><\/tr><tr><td><strong>2025<\/strong><\/td><td>Le Coucou &#8211; Galerie Convergence, Paris<\/td><\/tr><tr><td><\/td><td>Art Basel Hong Kong &#8211; Galerie Jocelyn Wolff, Hong Kong<\/td><\/tr><\/tbody><\/table><\/figure>\n\n\n\n<p><\/p>\n","protected":false},"excerpt":{"rendered":"<p>EXPOSITIONS PERSONNELLES 1949 Galerie Marcelle Berr de Turique,Paris 1952 Galerie Colette Allendy,Paris 1955 Galerie Colette Allendy, Paris 1958 Galerie Colette Allendy, Paris 1960 Galerie M. Berr de Turique, Paris &nbsp; King Street Gallery,Cambridge (GB) &nbsp; Drian Gallery,Londres (GB) 1962 Mus\u00e9e &hellip; <a href=\"https:\/\/colette-brunschwig.com\/?page_id=40\">Continuer la lecture <span class=\"meta-nav\">&rarr;<\/span><\/a><\/p>\n","protected":false},"author":1,"featured_media":0,"parent":0,"menu_order":0,"comment_status":"closed","ping_status":"closed","template":"showcase.php","meta":{"footnotes":""},"class_list":["post-40","page","type-page","status-publish","hentry"],"_links":{"self":[{"href":"https:\/\/colette-brunschwig.com\/index.php?rest_route=\/wp\/v2\/pages\/40","targetHints":{"allow":["GET"]}}],"collection":[{"href":"https:\/\/colette-brunschwig.com\/index.php?rest_route=\/wp\/v2\/pages"}],"about":[{"href":"https:\/\/colette-brunschwig.com\/index.php?rest_route=\/wp\/v2\/types\/page"}],"author":[{"embeddable":true,"href":"https:\/\/colette-brunschwig.com\/index.php?rest_route=\/wp\/v2\/users\/1"}],"replies":[{"embeddable":true,"href":"https:\/\/colette-brunschwig.com\/index.php?rest_route=%2Fwp%2Fv2%2Fcomments&post=40"}],"version-history":[{"count":12,"href":"https:\/\/colette-brunschwig.com\/index.php?rest_route=\/wp\/v2\/pages\/40\/revisions"}],"predecessor-version":[{"id":142,"href":"https:\/\/colette-brunschwig.com\/index.php?rest_route=\/wp\/v2\/pages\/40\/revisions\/142"}],"wp:attachment":[{"href":"https:\/\/colette-brunschwig.com\/index.php?rest_route=%2Fwp%2Fv2%2Fmedia&parent=40"}],"curies":[{"name":"wp","href":"https:\/\/api.w.org\/{rel}","templated":true}]}}